{"id":566,"date":"2020-08-20T16:00:06","date_gmt":"2020-08-20T13:00:06","guid":{"rendered":"https:\/\/www.ykts.fi\/?page_id=566"},"modified":"2024-03-01T10:33:11","modified_gmt":"2024-03-01T08:33:11","slug":"tutkimus-ja-julkaisutoiminta","status":"publish","type":"page","link":"https:\/\/www.ykts.fi\/en\/tutkimus-ja-julkaisutoiminta\/","title":{"rendered":"Research and publishing"},"content":{"rendered":"<div data-elementor-type=\"wp-page\" data-elementor-id=\"566\" class=\"elementor elementor-566\">\n\t\t\t\t\t\t<section class=\"elementor-section elementor-top-section elementor-element elementor-element-74513e5f elementor-section-height-min-height elementor-section-boxed elementor-section-height-default elementor-section-items-middle\" data-id=\"74513e5f\" data-element_type=\"section\" data-settings=\"{&quot;background_background&quot;:&quot;classic&quot;,&quot;shape_divider_bottom&quot;:&quot;triangle&quot;}\">\n\t\t\t\t\t\t\t<div class=\"elementor-background-overlay\"><\/div>\n\t\t\t\t\t\t<div class=\"elementor-shape elementor-shape-bottom\" aria-hidden=\"true\" data-negative=\"false\">\n\t\t\t<svg xmlns=\"http:\/\/www.w3.org\/2000\/svg\" viewbox=\"0 0 1000 100\" preserveaspectratio=\"none\">\n\t<path class=\"elementor-shape-fill\" d=\"M500,98.9L0,6.1V0h1000v6.1L500,98.9z\"\/>\n<\/svg>\t\t<\/div>\n\t\t\t\t\t<div class=\"elementor-container elementor-column-gap-default\">\n\t\t\t\t\t<div class=\"elementor-column elementor-col-100 elementor-top-column elementor-element elementor-element-6fd5fe02\" data-id=\"6fd5fe02\" data-element_type=\"column\">\n\t\t\t<div class=\"elementor-widget-wrap elementor-element-populated\">\n\t\t\t\t\t\t<div class=\"elementor-element elementor-element-7d91cef4 elementor-widget elementor-widget-heading\" data-id=\"7d91cef4\" data-element_type=\"widget\" data-widget_type=\"heading.default\">\n\t\t\t\t<div class=\"elementor-widget-container\">\n\t\t\t\t\t<h1 class=\"elementor-heading-title elementor-size-default\">Books, articles <br>and much more<\/h1>\t\t\t\t<\/div>\n\t\t\t\t<\/div>\n\t\t\t\t\t<\/div>\n\t\t<\/div>\n\t\t\t\t\t<\/div>\n\t\t<\/section>\n\t\t\t\t<section class=\"elementor-section elementor-top-section elementor-element elementor-element-cba4458 elementor-section-boxed elementor-section-height-default elementor-section-height-default\" data-id=\"cba4458\" data-element_type=\"section\" data-settings=\"{&quot;background_background&quot;:&quot;classic&quot;}\">\n\t\t\t\t\t\t<div class=\"elementor-container elementor-column-gap-default\">\n\t\t\t\t\t<div class=\"elementor-column elementor-col-100 elementor-top-column elementor-element elementor-element-e486b64\" data-id=\"e486b64\" data-element_type=\"column\">\n\t\t\t<div class=\"elementor-widget-wrap elementor-element-populated\">\n\t\t\t\t\t\t<div class=\"elementor-element elementor-element-face5f8 elementor-view-default elementor-widget elementor-widget-icon\" data-id=\"face5f8\" data-element_type=\"widget\" data-widget_type=\"icon.default\">\n\t\t\t\t<div class=\"elementor-widget-container\">\n\t\t\t\t\t\t\t<div class=\"elementor-icon-wrapper\">\n\t\t\t<div class=\"elementor-icon\">\n\t\t\t<i aria-hidden=\"true\" class=\"fas fa-book-reader\"><\/i>\t\t\t<\/div>\n\t\t<\/div>\n\t\t\t\t\t\t<\/div>\n\t\t\t\t<\/div>\n\t\t\t\t<div class=\"elementor-element elementor-element-b5fe333 elementor-widget elementor-widget-text-editor\" data-id=\"b5fe333\" data-element_type=\"widget\" data-widget_type=\"text-editor.default\">\n\t\t\t\t<div class=\"elementor-widget-container\">\n\t\t\t\t\t\t\t\t\t<p>The Scientific Association for Entrepreneurship Education supports research on entrepreneurship education as well as national and international cooperation related to entrepreneurship education. It does so by organising the annual Entrepreneurship Education Conference and a research seminar in collaboration with a different higher education institution each year and by promoting and practising publishing activities in the field.\u00a0<\/p><p>Tutkimusseura voi my\u00f6s antaa lausuntoja ja edist\u00e4\u00e4 tavoitteidensa toteuttamista erilaisissa kansallisissa ja kansainv\u00e4lisiss\u00e4 yhteis\u00f6iss\u00e4 ja yhteisty\u00f6elimiss\u00e4.<\/p>\t\t\t\t\t\t\t\t<\/div>\n\t\t\t\t<\/div>\n\t\t\t\t\t<\/div>\n\t\t<\/div>\n\t\t\t\t\t<\/div>\n\t\t<\/section>\n\t\t\t\t<section class=\"elementor-section elementor-top-section elementor-element elementor-element-c10e09f elementor-section-boxed elementor-section-height-default elementor-section-height-default\" data-id=\"c10e09f\" data-element_type=\"section\">\n\t\t\t\t\t\t<div class=\"elementor-container elementor-column-gap-default\">\n\t\t\t\t\t<div class=\"elementor-column elementor-col-100 elementor-top-column elementor-element elementor-element-68dd408\" data-id=\"68dd408\" data-element_type=\"column\">\n\t\t\t<div class=\"elementor-widget-wrap elementor-element-populated\">\n\t\t\t\t\t\t<div class=\"elementor-element elementor-element-3909312 elementor-widget elementor-widget-heading\" data-id=\"3909312\" data-element_type=\"widget\" data-widget_type=\"heading.default\">\n\t\t\t\t<div class=\"elementor-widget-container\">\n\t\t\t\t\t<h2 class=\"elementor-heading-title elementor-size-default\">tulevat yritt\u00e4jyyskasvatuksen ty\u00f6pajat<\/h2>\t\t\t\t<\/div>\n\t\t\t\t<\/div>\n\t\t\t\t\t<\/div>\n\t\t<\/div>\n\t\t\t\t\t<\/div>\n\t\t<\/section>\n\t\t\t\t<section class=\"elementor-section elementor-top-section elementor-element elementor-element-4f7fb14 elementor-section-boxed elementor-section-height-default elementor-section-height-default\" data-id=\"4f7fb14\" data-element_type=\"section\">\n\t\t\t\t\t\t<div class=\"elementor-container elementor-column-gap-default\">\n\t\t\t\t\t<div class=\"elementor-column elementor-col-50 elementor-top-column elementor-element elementor-element-efc20f6\" data-id=\"efc20f6\" data-element_type=\"column\">\n\t\t\t<div class=\"elementor-widget-wrap elementor-element-populated\">\n\t\t\t\t\t\t<div class=\"elementor-element elementor-element-4c973a8 elementor-widget elementor-widget-text-editor\" data-id=\"4c973a8\" data-element_type=\"widget\" data-widget_type=\"text-editor.default\">\n\t\t\t\t<div class=\"elementor-widget-container\">\n\t\t\t\t\t\t\t\t\t<p><strong>Yritt\u00e4jyyskasvatustutkimuksen abstraktity\u00f6paja<\/strong><\/p><p>j\u00e4rjestet\u00e4\u00e4n verkossa\u00a0 tiistaina 23.4.2024 klo 10-11.<\/p><p>Yritt\u00e4jyyskasvatuksen Tutkimusseura tarjoaa j\u00e4senilleen maksuttoman konferenssiabstraktin laadinnan ty\u00f6pajan.\u00a0 Abstraktity\u00f6paja toimii ajankohtaisena ja eritt\u00e4in hyv\u00e4n\u00e4 tukena YKTS ja RENT -konferensseihin abstrakteja valmisteleville. Ty\u00f6pajan vet\u00e4j\u00e4n\u00e4 toimii professori Ulla Hytti Turun yliopiston kauppakorkeakoulusta.<\/p><p>Jos kiinnostuit, ilmoittaudu mukaan.\u00a0Ilmoittautuminen viimeist\u00e4\u00e4n perjantaina <strong>19.4.2024 <\/strong>seuraavasta linkist\u00e4:<\/p><p><a href=\"https:\/\/link.webropolsurveys.com\/S\/2E9E93077832626B\">https:\/\/link.webropolsurveys.com\/S\/2E9E93077832626B<\/a><\/p><p>Jos et viel\u00e4 ole Tutkimusseuran j\u00e4sen, voit liitty\u00e4 j\u00e4seneksi helposti \u2013 katso ohjeet t\u00e4\u00e4lt\u00e4: <a href=\"https:\/\/www.ykts.fi\/en\/jasenyys\/\">https:\/\/www.ykts.fi\/jasenyys\/<\/a><\/p>\t\t\t\t\t\t\t\t<\/div>\n\t\t\t\t<\/div>\n\t\t\t\t\t<\/div>\n\t\t<\/div>\n\t\t\t\t<div class=\"elementor-column elementor-col-50 elementor-top-column elementor-element elementor-element-e316c28\" data-id=\"e316c28\" data-element_type=\"column\">\n\t\t\t<div class=\"elementor-widget-wrap elementor-element-populated\">\n\t\t\t\t\t\t\t<\/div>\n\t\t<\/div>\n\t\t\t\t\t<\/div>\n\t\t<\/section>\n\t\t\t\t<section class=\"elementor-section elementor-top-section elementor-element elementor-element-683d742 elementor-section-boxed elementor-section-height-default elementor-section-height-default\" data-id=\"683d742\" data-element_type=\"section\">\n\t\t\t\t\t\t<div class=\"elementor-container elementor-column-gap-default\">\n\t\t\t\t\t<div class=\"elementor-column elementor-col-100 elementor-top-column elementor-element elementor-element-2a6f750\" data-id=\"2a6f750\" data-element_type=\"column\">\n\t\t\t<div class=\"elementor-widget-wrap elementor-element-populated\">\n\t\t\t\t\t\t<div class=\"elementor-element elementor-element-f85bcd7 elementor-widget elementor-widget-heading\" data-id=\"f85bcd7\" data-element_type=\"widget\" data-widget_type=\"heading.default\">\n\t\t\t\t<div class=\"elementor-widget-container\">\n\t\t\t\t\t<h2 class=\"elementor-heading-title elementor-size-default\">Yritt\u00e4jyyskasvatuksen tuleva teemanumero ammattikasvatuksen aikakauskirjassa<\/h2>\t\t\t\t<\/div>\n\t\t\t\t<\/div>\n\t\t\t\t\t<\/div>\n\t\t<\/div>\n\t\t\t\t\t<\/div>\n\t\t<\/section>\n\t\t\t\t<section class=\"elementor-section elementor-top-section elementor-element elementor-element-28aba3f elementor-section-boxed elementor-section-height-default elementor-section-height-default\" data-id=\"28aba3f\" data-element_type=\"section\">\n\t\t\t\t\t\t<div class=\"elementor-container elementor-column-gap-default\">\n\t\t\t\t\t<div class=\"elementor-column elementor-col-100 elementor-top-column elementor-element elementor-element-1a23519\" data-id=\"1a23519\" data-element_type=\"column\">\n\t\t\t<div class=\"elementor-widget-wrap elementor-element-populated\">\n\t\t\t\t\t\t<div class=\"elementor-element elementor-element-1349ec4 elementor-widget elementor-widget-text-editor\" data-id=\"1349ec4\" data-element_type=\"widget\" data-widget_type=\"text-editor.default\">\n\t\t\t\t<div class=\"elementor-widget-container\">\n\t\t\t\t\t\t\t\t\t<p><strong>Ammattikasvatuksen aikakauskirjan 4\/2023 teemana on Kriittisi\u00e4 ja reflektiivisi\u00e4 n\u00e4k\u00f6kulmia yritt\u00e4jyyskasvatukseen<\/strong><\/p>\n<p>Yritt\u00e4jyytt\u00e4 on edistetty huomattavan ponnekkaasti koko koulutusj\u00e4rjestelm\u00e4ss\u00e4 2000-luvun alusta l\u00e4htien. Ammatillisessa ja korkea-asteen koulutuksessa t\u00e4m\u00e4 on tuonut mukanaan oppilaitosten yritt\u00e4jyysstrategioita, yritt\u00e4jyytt\u00e4 tukevia pedagogisia ratkaisuja, yritysyhteisty\u00f6n edist\u00e4mist\u00e4 sek\u00e4 erilaisia yritt\u00e4jyytt\u00e4 ja yritt\u00e4jyysekosysteemej\u00e4 tukevia kehitt\u00e4mishankkeita. Yritt\u00e4jyyden ponnekas edist\u00e4minen ilman kriittist\u00e4 arviointia johtaa kuitenkin helposti moni\u00e4\u00e4nisiin tulkintoihin ja v\u00e4\u00e4rinymm\u00e4rryksiin. T\u00e4m\u00e4 ei my\u00f6sk\u00e4\u00e4n tue yritt\u00e4jyyskasvatuksen kehittymist\u00e4. T\u00e4h\u00e4n YTKS 2023 Yritt\u00e4jyyskasvatusp\u00e4iviin kytkeytyv\u00e4\u00e4n Ammattikasvatuksen aikakauskirjan teemanumeroon toivotaan k\u00e4sikirjoituksia yritt\u00e4jyyskasvatuksen kriittisist\u00e4 ja reflektiivisist\u00e4 n\u00e4k\u00f6kulmista sek\u00e4 erilaisesta aihepiiriin liittyv\u00e4st\u00e4 kehitysty\u00f6st\u00e4 erityisesti ammatillisessa ja korkea-asteen koulutuksessa. Suomen-, ruotsin- tai englanninkieliset artikkelik\u00e4sikirjoitukset l\u00e4hetet\u00e4\u00e4n <strong>14.5.2023<\/strong> menness\u00e4 osoitteeseen sanna.ilonen(at)utu.fi.<\/p>\n<p>K\u00e4sikirjoitukset voivat liitty\u00e4 esimerkiksi seuraaviin aihepiireihin:<\/p>\n<ul>\n<li>Miten eettiset n\u00e4k\u00f6kulmat huomioidaan yritt\u00e4jyyskasvatuksessa?<\/li>\n<li>Miten didaktisia ja pedagogisia ratkaisuja reflektoidaan yritt\u00e4jyyskasvatuksessa?<\/li>\n<li>Mik\u00e4 on opettajien, koulutusjohdon ja koulutuksen j\u00e4rjest\u00e4jien rooli yritt\u00e4jyyskasvatuksessa?<\/li>\n<li>Millaisia ovat yritt\u00e4jyyskasvatuksen psykologiset ja emotionaaliset vaikutukset opiskelijoihin?<\/li>\n<li>Millaisia positiivisia, negatiivisia ja tahottomia vaikutuksia yritt\u00e4jyydell\u00e4 ja yritt\u00e4jyyskasvatuksella on? Miten n\u00e4m\u00e4 voisi huomioida yritt\u00e4jyyskasvatuksessa?<\/li>\n<li>Miten yritt\u00e4jyyskasvatuksen inklusiivisuus\/ekslusiivisuus n\u00e4ytt\u00e4ytyy eri koulutusasteilla ja \u2013muodoissa kuten ammatillisessa koulutuksessa ja korkea-asteella?<\/li>\n<\/ul>\n<p>Numeron teematoimittajina ovat Sanna Ilonen (Turun yliopisto), Kati Peltonen (LAB-ammattikorkeakoulu), Lenita Hietanen (Lapin yliopisto) ja Hanna Laalo (Turun yliopisto). Ammattikasvatuksen aikakauskirjan puolesta mukana on toimittaja Kaisa Hyt\u00f6nen.<\/p>\n<p>Kirjoittajakutsu teemanumeroon Ammattikasvatuksen aikakauskirjan sivuilla: <a href=\"https:\/\/akakk.fi\/kirjoittajakutsu-4-2023-teemanumeroon\/\">https:\/\/akakk.fi\/kirjoittajakutsu-4-2023-teemanumeroon\/<\/a><\/p>\n<p><strong>Teemanumeron esittelytilaisuus j\u00e4rjestet\u00e4\u00e4n ke 18.1.2023 klo 14.00-15.00 et\u00e4n\u00e4. <\/strong>L\u00e4mpim\u00e4sti tervetuloa mukaan kuulemaan Ammattikasvatuksen aikakauskirjasta, tulevasta teemanumerosta ja keskustelemaan teematoimittajien kanssa! Linkki tilaisuuteen: &nbsp;<a href=\"https:\/\/utu.zoom.us\/j\/69926953029\">https:\/\/utu.zoom.us\/j\/69926953029<\/a>&nbsp;<\/p>\t\t\t\t\t\t\t\t<\/div>\n\t\t\t\t<\/div>\n\t\t\t\t\t<\/div>\n\t\t<\/div>\n\t\t\t\t\t<\/div>\n\t\t<\/section>\n\t\t\t\t<section class=\"elementor-section elementor-top-section elementor-element elementor-element-53edcdf elementor-section-boxed elementor-section-height-default elementor-section-height-default\" data-id=\"53edcdf\" data-element_type=\"section\">\n\t\t\t\t\t\t<div class=\"elementor-container elementor-column-gap-default\">\n\t\t\t\t\t<div class=\"elementor-column elementor-col-100 elementor-top-column elementor-element elementor-element-05f32b1\" data-id=\"05f32b1\" data-element_type=\"column\">\n\t\t\t<div class=\"elementor-widget-wrap elementor-element-populated\">\n\t\t\t\t\t\t<div class=\"elementor-element elementor-element-97aa958 elementor-widget elementor-widget-heading\" data-id=\"97aa958\" data-element_type=\"widget\" data-widget_type=\"heading.default\">\n\t\t\t\t<div class=\"elementor-widget-container\">\n\t\t\t\t\t<h2 class=\"elementor-heading-title elementor-size-default\">Periodical of <br>Entrepreneurship Education<\/h2>\t\t\t\t<\/div>\n\t\t\t\t<\/div>\n\t\t\t\t\t<\/div>\n\t\t<\/div>\n\t\t\t\t\t<\/div>\n\t\t<\/section>\n\t\t\t\t<section class=\"elementor-section elementor-top-section elementor-element elementor-element-ee930cf elementor-section-boxed elementor-section-height-default elementor-section-height-default\" data-id=\"ee930cf\" data-element_type=\"section\" data-settings=\"{&quot;shape_divider_bottom&quot;:&quot;triangle&quot;}\">\n\t\t\t\t\t<div class=\"elementor-shape elementor-shape-bottom\" aria-hidden=\"true\" data-negative=\"false\">\n\t\t\t<svg xmlns=\"http:\/\/www.w3.org\/2000\/svg\" viewbox=\"0 0 1000 100\" preserveaspectratio=\"none\">\n\t<path class=\"elementor-shape-fill\" d=\"M500,98.9L0,6.1V0h1000v6.1L500,98.9z\"\/>\n<\/svg>\t\t<\/div>\n\t\t\t\t\t<div class=\"elementor-container elementor-column-gap-default\">\n\t\t\t\t\t<div class=\"elementor-column elementor-col-100 elementor-top-column elementor-element elementor-element-7d7387f\" data-id=\"7d7387f\" data-element_type=\"column\">\n\t\t\t<div class=\"elementor-widget-wrap elementor-element-populated\">\n\t\t\t\t\t\t<div class=\"elementor-element elementor-element-e471ae9 elementor-widget elementor-widget-text-editor\" data-id=\"e471ae9\" data-element_type=\"widget\" data-widget_type=\"text-editor.default\">\n\t\t\t\t<div class=\"elementor-widget-container\">\n\t\t\t\t\t\t\t\t\t<p>Yritt\u00e4jyyskasvatuksen aikakauskirjan tavoitteena on tarjota foorumi suomalaisille yritt\u00e4jyyskasvatustutkijoille ja suomalaista yritt\u00e4jyyskasvatusyhteis\u00f6\u00e4 kiinnostaville kansainv\u00e4lisille artikkeleille ja kirjoituksille. Yritt\u00e4jyyskasvatuksen aikakausikirjan ensimm\u00e4inen numero julkaistiin vuonna 2014 ja toinen numero vuonna 2016. Seuraava aikakauskirja julkaistaan 2022\/2024.<\/p><p>Artikkelien ja kirjoitusten kieli on suomi tai englanti. Paperin j\u00e4tt\u00e4misest\u00e4 ei perit\u00e4 korvausta.<\/p><p><strong>The periodical accepts articles and texts on, for example, the following topics:<\/strong><\/p><ul><li>learning entrepreneurship, entrepreneurial learning and\/or different learners<\/li><li><span style=\"font-size: 16px;\">entrepreneurship education and\/or its suitability\/effectiveness<\/span><\/li><li>teaching entrepreneurship and\/or entrepreneurship teachers as actors<\/li><li>different learning and operational environments and contexts for entrepreneurship education<\/li><li>theoretical and methodological questions in entrepreneurship education research<\/li><\/ul>\t\t\t\t\t\t\t\t<\/div>\n\t\t\t\t<\/div>\n\t\t\t\t\t<\/div>\n\t\t<\/div>\n\t\t\t\t\t<\/div>\n\t\t<\/section>\n\t\t\t\t<section class=\"elementor-section elementor-top-section elementor-element elementor-element-b15bee3 elementor-section-boxed elementor-section-height-default elementor-section-height-default\" data-id=\"b15bee3\" data-element_type=\"section\" data-settings=\"{&quot;background_background&quot;:&quot;classic&quot;}\">\n\t\t\t\t\t\t<div class=\"elementor-container elementor-column-gap-default\">\n\t\t\t\t\t<div class=\"elementor-column elementor-col-100 elementor-top-column elementor-element elementor-element-7f6f11b\" data-id=\"7f6f11b\" data-element_type=\"column\">\n\t\t\t<div class=\"elementor-widget-wrap elementor-element-populated\">\n\t\t\t\t\t\t<div class=\"elementor-element elementor-element-5527813 elementor-widget elementor-widget-heading\" data-id=\"5527813\" data-element_type=\"widget\" data-widget_type=\"heading.default\">\n\t\t\t\t<div class=\"elementor-widget-container\">\n\t\t\t\t\t<h2 class=\"elementor-heading-title elementor-size-default\">Entrepreneurship Education Conference <br>books of articles and abstracts<\/h2>\t\t\t\t<\/div>\n\t\t\t\t<\/div>\n\t\t\t\t<div class=\"elementor-element elementor-element-b513cc0 elementor-widget elementor-widget-heading\" data-id=\"b513cc0\" data-element_type=\"widget\" data-widget_type=\"heading.default\">\n\t\t\t\t<div class=\"elementor-widget-container\">\n\t\t\t\t\t<h2 class=\"elementor-heading-title elementor-size-default\">A book of abstracts and\/or a book of articles is published for each Entrepreneurship Education Conference. The higher education institution that hosts the conference is responsible for the publications in co-operation with the Scientific Association for Entrepreneurship Education.<\/h2>\t\t\t\t<\/div>\n\t\t\t\t<\/div>\n\t\t\t\t\t<\/div>\n\t\t<\/div>\n\t\t\t\t\t<\/div>\n\t\t<\/section>\n\t\t\t\t<section class=\"elementor-section elementor-top-section elementor-element elementor-element-0845245 elementor-section-boxed elementor-section-height-default elementor-section-height-default\" data-id=\"0845245\" data-element_type=\"section\" data-settings=\"{&quot;background_background&quot;:&quot;classic&quot;,&quot;shape_divider_bottom&quot;:&quot;triangle&quot;}\">\n\t\t\t\t\t<div class=\"elementor-shape elementor-shape-bottom\" aria-hidden=\"true\" data-negative=\"false\">\n\t\t\t<svg xmlns=\"http:\/\/www.w3.org\/2000\/svg\" viewbox=\"0 0 1000 100\" preserveaspectratio=\"none\">\n\t<path class=\"elementor-shape-fill\" d=\"M500,98.9L0,6.1V0h1000v6.1L500,98.9z\"\/>\n<\/svg>\t\t<\/div>\n\t\t\t\t\t<div class=\"elementor-container elementor-column-gap-default\">\n\t\t\t\t\t<div class=\"elementor-column elementor-col-50 elementor-top-column elementor-element elementor-element-85ad385\" data-id=\"85ad385\" data-element_type=\"column\">\n\t\t\t<div class=\"elementor-widget-wrap elementor-element-populated\">\n\t\t\t\t\t\t<div class=\"elementor-element elementor-element-b6fe555 elementor-widget elementor-widget-text-editor\" data-id=\"b6fe555\" data-element_type=\"widget\" data-widget_type=\"text-editor.default\">\n\t\t\t\t<div class=\"elementor-widget-container\">\n\t\t\t\t\t\t\t\t\t<ul><li class=\"translation-block\">Ilonen, Sanna ja Hyt\u00f6nen, Kaisa (toim.) 2023. Kriittisi\u00e4 ja reflektiivisi\u00e4 n\u00e4k\u00f6kulmia yritt\u00e4jyyskasvatukseen \u2013 Critical and reflective perspectives on entrepreneurship education. YKTS Yritt\u00e4jyyskasvatusp\u00e4iv\u00e4t 2023 Turussa \u2013 National Entrepreneurship Education Conference on 27 - 28 Sep. 2023. In University of Turku, School of Economics. Conference proceedings can be accessed <span style=\"color: #ff6600\"><a style=\"color: #ff6600\" href=\"https:\/\/www.utupub.fi\/handle\/10024\/175988\" target=\"_self\">here.<\/a><\/span><\/li><li>Arhio, Kaija ja Kaakko, Marja-Liisa (toim.) 2022. Yritt\u00e4jyyskasvatus 4.0 Entrepreneurship Education Conference \u2212 Entrepreneuship Education 4.0. Entrepreneurship Education Conference in Ylivieska 28.-29.9.2022. The book of abstracts can be accessed <span style=\"color: #ff6600;\"><a style=\"color: #ff6600;\" href=\"https:\/\/www.theseus.fi\/handle\/10024\/789619\">here<\/a><span style=\"color: #000000;\">.<\/span><\/span><\/li><li style=\"text-align: left;\">R\u00f6mer-Paakkanen, Tarja ja Hermi\u00f6, Anna (toim.\/eds.) 2019. YKTT2019 13. Abstraktikirja ja ohjelma. Yritt\u00e4jyyskasvatusp\u00e4iv\u00e4t 2.\u20133.10.2019 Helsingiss\u00e4\/13th Entrepreneurship Education Conference Wed 2 \u2013 Thu 3 October 2019, Helsinki. Haaga-Helian julkaisut 2\/2019. Abstraktikirja ja ohjelma ladattavissa <a href=\"https:\/\/julkaisut.haaga-helia.fi\/yktt2019-13-yrittajyyskasvatuspaivat-2-3-10-2019-helsinki\/\"><span style=\"color: #ff6f5a;\">here<\/span><\/a>.<\/li><li style=\"text-align: left;\">R\u00f6mer-Paakkanen, Tarja, Suonp\u00e4\u00e4, Maija ja Hermi\u00f6, Anna (toim.) (2019) Yritt\u00e4jyyskasvatuksen kaari. Lapsuudesta tulevaisuuden ty\u00f6h\u00f6n: Yritt\u00e4jyyskasvatusp\u00e4iv\u00e4t 2019 Artikkelit. Yritt\u00e4jyyskasvatusp\u00e4iv\u00e4t 2.-3.11.2019 Helsingiss\u00e4. Haaga-Helian julkaisut 2\/2019. Lue artikkelikirja <a href=\"https:\/\/urn.fi\/URN:NBN:fi-fe202002125198\"><span style=\"color: #ff6f5a;\">here<\/span><\/a>.<\/li><li style=\"text-align: left;\">Oksanen, Lea, Peltonen, Kati. &amp; Laakso, Hilkka. (Toim.\/Eds) (2018) YKTT2018 &#8211; Yritt\u00e4jyyskasvatusp\u00e4iv\u00e4t 2018 Abstraktikirja &#8211; Entrepreneurship Education Conference 2018 Book of Abstracts. 46 s. Yritt\u00e4jyyskasvatusp\u00e4iv\u00e4t 3.-4.10.2018 Lahti. LUT Scientific and Expertise Publications. Tutkimusraportit \u2013 Research reports 83. Abstraktikirja ladattavissa <a href=\"https:\/\/urn.fi\/URN:ISBN:978-952-335-245-2\"><span style=\"color: #ff6f5a;\">here<\/span><\/a>.<\/li><li style=\"text-align: left;\">Peltonen, Kati, Laakso, Hilkka., Kuru, Pirjo &amp; Oksanen, Lea. (Toim.\/Eds) (2018). YKTT2018 Yritt\u00e4jyyskasvatusp\u00e4iv\u00e4t 2018 Artikkelit &#8211; Entrepreneurship Education Conference 2018 Articles. 12. Yritt\u00e4jyyskasvatusp\u00e4iv\u00e4t 3.-4.10.2018 Lahti. LUT Scientific and Expertise Publications. Tutkimusraportit \u2013 Research reports 84. Artikkelikirja ladattavissa <a href=\"https:\/\/lutpub.lut.fi\/bitstream\/handle\/10024\/158942\/Yrittjyyskasvatuspivt_2018_Artikkelikirja_FINAL.pdf?sequence=3\"><span style=\"color: #ff6f5a;\">here<\/span><\/a>.<\/li><\/ul>\t\t\t\t\t\t\t\t<\/div>\n\t\t\t\t<\/div>\n\t\t\t\t\t<\/div>\n\t\t<\/div>\n\t\t\t\t<div class=\"elementor-column elementor-col-50 elementor-top-column elementor-element elementor-element-9ef3b22\" data-id=\"9ef3b22\" data-element_type=\"column\">\n\t\t\t<div class=\"elementor-widget-wrap elementor-element-populated\">\n\t\t\t\t\t\t<div class=\"elementor-element elementor-element-3a4b562 elementor-widget elementor-widget-text-editor\" data-id=\"3a4b562\" data-element_type=\"widget\" data-widget_type=\"text-editor.default\">\n\t\t\t\t<div class=\"elementor-widget-container\">\n\t\t\t\t\t\t\t\t\t<p>\u2022 Turpeinen, Juha-Matti (toim.) (2017) Yritt\u00e4jyyskasvatus \u2013 Tulevaisuuden siltojen rakentaja ja raja-aitojen murtaja? 11. Yritt\u00e4jyyskasvatusp\u00e4iv\u00e4t Oulussa: Artikkelikirja. Yritt\u00e4jyyskasvatusp\u00e4iv\u00e4t 20.-21.9.2017 Oulussa. Oulu: Oulun yliopisto, Kasvatustieteiden tiedekunta. The book of articles can be accessed <a href=\"http:\/\/jultika.oulu.fi\/Record\/isbn978-952-62-1789-5\"><span style=\"color: #ff6f5a;\">here<\/span><\/a>.<\/p><p>\u2022 Turpeinen, Juha-Matti (toim.\/eds.) (2017) Yritt\u00e4jyyskasvatus \u2013 Tulevaisuuden siltojen rakentaja ja raja-aitojen murtaja? 11. Yritt\u00e4jyyskasvatusp\u00e4iv\u00e4t 2017 Oulussa, Abstraktikirja. Yritt\u00e4jyyskasvatusp\u00e4iv\u00e4t 20.-21.9.2017 Oulussa. Oulu: Oulun yliopisto, Kasvatustieteiden tiedekunta. The book of abstracts can be accessed <a href=\"http:\/\/urn.fi\/urn:isbn:9789526216508\"><span style=\"color: #ff6f5a;\">here<\/span><\/a>.<\/p><p>\u2022 Patja, P\u00e4ivi, Aaltio, Iiris, Tunkkari-Eskelinen, Minna ja Suoranta, Mari (toim.\/eds.) (2016) Abstraktit. 10. Yritt\u00e4jyyskasvatusp\u00e4iv\u00e4t 13. - 14.9.2016 Jyv\u00e4skyl\u00e4ss\u00e4. The book of abstracts can be accessed <a href=\"https:\/\/www.ykts.fi\/wp-content\/uploads\/2020\/08\/Abstraktikirja-06092016.pdf\"><span style=\"color: #ff6f5a;\">here<\/span><\/a>.<\/p><p>\u2022 (2015) YRITT\u00c4JYYSKASVATUSP\u00c4IV\u00c4T PORISSA 24.-25.9.2015. The book of abstracts can be accessed <a href=\"https:\/\/www.ykts.fi\/wp-content\/uploads\/2020\/12\/BookofAbstractsYKTT2015.pdf\"><span style=\"color: #ff6f5a;\">here<\/span><\/a>.<\/p>\t\t\t\t\t\t\t\t<\/div>\n\t\t\t\t<\/div>\n\t\t\t\t\t<\/div>\n\t\t<\/div>\n\t\t\t\t\t<\/div>\n\t\t<\/section>\n\t\t\t\t<section class=\"elementor-section elementor-top-section elementor-element elementor-element-33725ae0 elementor-section-boxed elementor-section-height-default elementor-section-height-default\" data-id=\"33725ae0\" data-element_type=\"section\" data-settings=\"{&quot;background_background&quot;:&quot;classic&quot;}\">\n\t\t\t\t\t\t<div class=\"elementor-container elementor-column-gap-default\">\n\t\t\t\t\t<div class=\"elementor-column elementor-col-100 elementor-top-column elementor-element elementor-element-351e9a48\" data-id=\"351e9a48\" data-element_type=\"column\">\n\t\t\t<div class=\"elementor-widget-wrap elementor-element-populated\">\n\t\t\t\t\t\t<div class=\"elementor-element elementor-element-4c97ddc5 elementor-widget elementor-widget-heading\" data-id=\"4c97ddc5\" data-element_type=\"widget\" data-widget_type=\"heading.default\">\n\t\t\t\t<div class=\"elementor-widget-container\">\n\t\t\t\t\t<h2 class=\"elementor-heading-title elementor-size-default\">Entrepreneurship education -<br>from research into practice<\/h2>\t\t\t\t<\/div>\n\t\t\t\t<\/div>\n\t\t\t\t\t<\/div>\n\t\t<\/div>\n\t\t\t\t\t<\/div>\n\t\t<\/section>\n\t\t\t\t<section class=\"elementor-section elementor-top-section elementor-element elementor-element-41b3a462 elementor-section-boxed elementor-section-height-default elementor-section-height-default\" data-id=\"41b3a462\" data-element_type=\"section\" data-settings=\"{&quot;background_background&quot;:&quot;classic&quot;}\">\n\t\t\t\t\t\t<div class=\"elementor-container elementor-column-gap-default\">\n\t\t\t\t\t<div class=\"elementor-column elementor-col-33 elementor-top-column elementor-element elementor-element-545b4755\" data-id=\"545b4755\" data-element_type=\"column\">\n\t\t\t<div class=\"elementor-widget-wrap elementor-element-populated\">\n\t\t\t\t\t\t<div class=\"elementor-element elementor-element-228d40ab elementor-widget elementor-widget-image\" data-id=\"228d40ab\" data-element_type=\"widget\" data-widget_type=\"image.default\">\n\t\t\t\t<div class=\"elementor-widget-container\">\n\t\t\t\t\t\t\t\t\t\t\t\t\t\t\t\t<a href=\"https:\/\/www.ykts.fi\/en\/\">\n\t\t\t\t\t\t\t<img decoding=\"async\" src=\"https:\/\/www.ykts.fi\/wp-content\/uploads\/elementor\/thumbs\/YKTS_ikoni-valkoinen-ozbdo4c3we4kc9bryxa6269pmpzhpa1pf0nuuf6bq4.png\" title=\"YKTS_ikoni valkoinen\" alt=\"YKTS_ikoni valkoinen\" loading=\"lazy\" \/>\t\t\t\t\t\t\t\t<\/a>\n\t\t\t\t\t\t\t\t\t\t\t\t\t\t\t<\/div>\n\t\t\t\t<\/div>\n\t\t\t\t\t<\/div>\n\t\t<\/div>\n\t\t\t\t<div class=\"elementor-column elementor-col-33 elementor-top-column elementor-element elementor-element-3a1fc20c\" data-id=\"3a1fc20c\" data-element_type=\"column\">\n\t\t\t<div class=\"elementor-widget-wrap\">\n\t\t\t\t\t\t\t<\/div>\n\t\t<\/div>\n\t\t\t\t<div class=\"elementor-column elementor-col-33 elementor-top-column elementor-element elementor-element-2630c021\" data-id=\"2630c021\" data-element_type=\"column\">\n\t\t\t<div class=\"elementor-widget-wrap elementor-element-populated\">\n\t\t\t\t\t\t<section class=\"elementor-section elementor-inner-section elementor-element elementor-element-31c1dbc8 elementor-section-boxed elementor-section-height-default elementor-section-height-default\" data-id=\"31c1dbc8\" data-element_type=\"section\">\n\t\t\t\t\t\t<div class=\"elementor-container elementor-column-gap-default\">\n\t\t\t\t\t<div class=\"elementor-column elementor-col-50 elementor-inner-column elementor-element elementor-element-76c6e1f1\" data-id=\"76c6e1f1\" data-element_type=\"column\">\n\t\t\t<div class=\"elementor-widget-wrap elementor-element-populated\">\n\t\t\t\t\t\t<div class=\"elementor-element elementor-element-6fa0a886 elementor-view-default elementor-widget elementor-widget-icon\" data-id=\"6fa0a886\" data-element_type=\"widget\" data-widget_type=\"icon.default\">\n\t\t\t\t<div class=\"elementor-widget-container\">\n\t\t\t\t\t\t\t<div class=\"elementor-icon-wrapper\">\n\t\t\t<a class=\"elementor-icon elementor-animation-grow\" href=\"https:\/\/www.facebook.com\/yktsry\" target=\"_blank\">\n\t\t\t<i aria-hidden=\"true\" class=\"fab fa-facebook-square\"><\/i>\t\t\t<\/a>\n\t\t<\/div>\n\t\t\t\t\t\t<\/div>\n\t\t\t\t<\/div>\n\t\t\t\t\t<\/div>\n\t\t<\/div>\n\t\t\t\t<div class=\"elementor-column elementor-col-50 elementor-inner-column elementor-element elementor-element-2db5010e\" data-id=\"2db5010e\" data-element_type=\"column\">\n\t\t\t<div class=\"elementor-widget-wrap elementor-element-populated\">\n\t\t\t\t\t\t<div class=\"elementor-element elementor-element-499701c3 elementor-align-right elementor-mobile-align-center elementor-widget elementor-widget-button\" data-id=\"499701c3\" data-element_type=\"widget\" data-widget_type=\"button.default\">\n\t\t\t\t<div class=\"elementor-widget-container\">\n\t\t\t\t\t\t\t\t\t<div class=\"elementor-button-wrapper\">\n\t\t\t\t\t<a class=\"elementor-button elementor-button-link elementor-size-sm\" href=\"https:\/\/www.ykts.fi\/en\/ota-yhteytta\/\">\n\t\t\t\t\t\t<span class=\"elementor-button-content-wrapper\">\n\t\t\t\t\t\t\t\t\t<span class=\"elementor-button-text\">Contact us<\/span>\n\t\t\t\t\t<\/span>\n\t\t\t\t\t<\/a>\n\t\t\t\t<\/div>\n\t\t\t\t\t\t\t\t<\/div>\n\t\t\t\t<\/div>\n\t\t\t\t\t<\/div>\n\t\t<\/div>\n\t\t\t\t\t<\/div>\n\t\t<\/section>\n\t\t\t\t<div class=\"elementor-element elementor-element-6f820ca1 elementor-widget elementor-widget-text-editor\" data-id=\"6f820ca1\" data-element_type=\"widget\" data-widget_type=\"text-editor.default\">\n\t\t\t\t<div class=\"elementor-widget-container\">\n\t\t\t\t\t\t\t\t\tScientific Association for Entrepreneurship Education\t\t\t\t\t\t\t\t<\/div>\n\t\t\t\t<\/div>\n\t\t\t\t\t<\/div>\n\t\t<\/div>\n\t\t\t\t\t<\/div>\n\t\t<\/section>\n\t\t\t\t<section class=\"elementor-section elementor-top-section elementor-element elementor-element-16a5025e elementor-section-boxed elementor-section-height-default elementor-section-height-default\" data-id=\"16a5025e\" data-element_type=\"section\" data-settings=\"{&quot;background_background&quot;:&quot;classic&quot;}\">\n\t\t\t\t\t\t<div class=\"elementor-container elementor-column-gap-default\">\n\t\t\t\t\t<div class=\"elementor-column elementor-col-100 elementor-top-column elementor-element elementor-element-7741b2ea\" data-id=\"7741b2ea\" data-element_type=\"column\">\n\t\t\t<div class=\"elementor-widget-wrap elementor-element-populated\">\n\t\t\t\t\t\t<div class=\"elementor-element elementor-element-2b362ffe elementor-widget elementor-widget-heading\" data-id=\"2b362ffe\" data-element_type=\"widget\" data-widget_type=\"heading.default\">\n\t\t\t\t<div class=\"elementor-widget-container\">\n\t\t\t\t\t<h2 class=\"elementor-heading-title elementor-size-default\"><a href=\"https:\/\/www.grafudesigns.fi\" target=\"_blank\">Copyright \u00a9 2020 Grafu Designs <\/a><\/h2>\t\t\t\t<\/div>\n\t\t\t\t<\/div>\n\t\t\t\t\t<\/div>\n\t\t<\/div>\n\t\t\t\t\t<\/div>\n\t\t<\/section>\n\t\t\t\t<\/div>","protected":false},"excerpt":{"rendered":"<p>TUTkittua tietoa monissa kansissa Yritt\u00e4jyyskasvatuksen Tutkimusseura ry tukee yritt\u00e4jyyskasvatuksen tutkimusta ja tutkijoiden ja toimijoiden keskin\u00e4ist\u00e4 kansallista ja kansainv\u00e4list\u00e4 yhteisty\u00f6t\u00e4 j\u00e4rjest\u00e4m\u00e4ll\u00e4 vuosittain toteutettavan YKTS Yritt\u00e4jyyskasvatusp\u00e4iv\u00e4t ja tutkimusseminaarin yhdess\u00e4 vaihtuvan korkeakoulun kanssa sek\u00e4 edist\u00e4m\u00e4ll\u00e4 ja harjoittamalla alan julkaisutoimintaa.\u00a0 Tutkimusseura voi my\u00f6s antaa lausuntoja ja edist\u00e4\u00e4 tavoitteidensa toteuttamista erilaisissa kansallisissa ja kansainv\u00e4lisiss\u00e4 yhteis\u00f6iss\u00e4 ja yhteisty\u00f6elimiss\u00e4. tulevat yritt\u00e4jyyskasvatuksen ty\u00f6pajat &hellip;<\/p>\n<p class=\"read-more\"> <a class=\"\" href=\"https:\/\/www.ykts.fi\/en\/tutkimus-ja-julkaisutoiminta\/\"> <span class=\"screen-reader-text\">Research and publishing<\/span> Read More &raquo;<\/a><\/p>","protected":false},"author":5,"featured_media":0,"parent":0,"menu_order":0,"comment_status":"closed","ping_status":"closed","template":"","meta":{"site-sidebar-layout":"no-sidebar","site-content-layout":"page-builder","ast-global-header-display":"","ast-main-header-display":"","ast-hfb-above-header-display":"","ast-hfb-below-header-display":"","ast-hfb-mobile-header-display":"","site-post-title":"disabled","ast-breadcrumbs-content":"","ast-featured-img":"disabled","footer-sml-layout":"","theme-transparent-header-meta":"default","adv-header-id-meta":"","stick-header-meta":"","header-above-stick-meta":"","header-main-stick-meta":"","header-below-stick-meta":"","footnotes":""},"class_list":["post-566","page","type-page","status-publish","hentry"],"yoast_head":"<!-- This site is optimized with the Yoast SEO plugin v26.8 - https:\/\/yoast.com\/product\/yoast-seo-wordpress\/ -->\n<title>Tutkimus- ja julkaisutoiminta | Yritt&auml;jyyskasvatuksen Tutkimusseura ry | YKTS<\/title>\n<meta name=\"robots\" content=\"index, follow, max-snippet:-1, max-image-preview:large, max-video-preview:-1\" \/>\n<link rel=\"canonical\" href=\"https:\/\/www.ykts.fi\/en\/tutkimus-ja-julkaisutoiminta\/\" \/>\n<meta property=\"og:locale\" content=\"en_GB\" \/>\n<meta property=\"og:type\" content=\"article\" \/>\n<meta property=\"og:title\" content=\"Tutkimus- ja julkaisutoiminta | Yritt&auml;jyyskasvatuksen Tutkimusseura ry | YKTS\" \/>\n<meta property=\"og:description\" content=\"TUTkittua tietoa monissa kansissa Yritt\u00e4jyyskasvatuksen Tutkimusseura ry tukee yritt\u00e4jyyskasvatuksen tutkimusta ja tutkijoiden ja toimijoiden keskin\u00e4ist\u00e4 kansallista ja kansainv\u00e4list\u00e4 yhteisty\u00f6t\u00e4 j\u00e4rjest\u00e4m\u00e4ll\u00e4 vuosittain toteutettavan YKTS Yritt\u00e4jyyskasvatusp\u00e4iv\u00e4t ja tutkimusseminaarin yhdess\u00e4 vaihtuvan korkeakoulun kanssa sek\u00e4 edist\u00e4m\u00e4ll\u00e4 ja harjoittamalla alan julkaisutoimintaa.\u00a0 Tutkimusseura voi my\u00f6s antaa lausuntoja ja edist\u00e4\u00e4 tavoitteidensa toteuttamista erilaisissa kansallisissa ja kansainv\u00e4lisiss\u00e4 yhteis\u00f6iss\u00e4 ja yhteisty\u00f6elimiss\u00e4. tulevat yritt\u00e4jyyskasvatuksen ty\u00f6pajat &hellip; Tutkimus- ja julkaisutoiminta Read More &raquo;\" \/>\n<meta property=\"og:url\" content=\"https:\/\/www.ykts.fi\/en\/tutkimus-ja-julkaisutoiminta\/\" \/>\n<meta property=\"og:site_name\" content=\"Yritt&auml;jyyskasvatuksen Tutkimusseura ry\" \/>\n<meta property=\"article:modified_time\" content=\"2024-03-01T08:33:11+00:00\" \/>\n<meta property=\"og:image\" content=\"https:\/\/www.ykts.fi\/wp-content\/uploads\/elementor\/thumbs\/YKTS_ikoni-valkoinen-ozbdo4c3we4kc9bryxa6269pmpzhpa1pf0nuuf6bq4.png\" \/>\n<meta name=\"twitter:card\" content=\"summary_large_image\" \/>\n<meta name=\"twitter:label1\" content=\"Estimated reading time\" \/>\n\t<meta name=\"twitter:data1\" content=\"5 minutes\" \/>\n<script type=\"application\/ld+json\" class=\"yoast-schema-graph\">{\"@context\":\"https:\/\/schema.org\",\"@graph\":[{\"@type\":\"WebPage\",\"@id\":\"https:\/\/www.ykts.fi\/tutkimus-ja-julkaisutoiminta\/\",\"url\":\"https:\/\/www.ykts.fi\/tutkimus-ja-julkaisutoiminta\/\",\"name\":\"Tutkimus- ja julkaisutoiminta | Yritt&auml;jyyskasvatuksen Tutkimusseura ry | YKTS\",\"isPartOf\":{\"@id\":\"https:\/\/www.ykts.fi\/#website\"},\"primaryImageOfPage\":{\"@id\":\"https:\/\/www.ykts.fi\/tutkimus-ja-julkaisutoiminta\/#primaryimage\"},\"image\":{\"@id\":\"https:\/\/www.ykts.fi\/tutkimus-ja-julkaisutoiminta\/#primaryimage\"},\"thumbnailUrl\":\"https:\/\/www.ykts.fi\/wp-content\/uploads\/elementor\/thumbs\/YKTS_ikoni-valkoinen-ozbdo4c3we4kc9bryxa6269pmpzhpa1pf0nuuf6bq4.png\",\"datePublished\":\"2020-08-20T13:00:06+00:00\",\"dateModified\":\"2024-03-01T08:33:11+00:00\",\"breadcrumb\":{\"@id\":\"https:\/\/www.ykts.fi\/tutkimus-ja-julkaisutoiminta\/#breadcrumb\"},\"inLanguage\":\"en-GB\",\"potentialAction\":[{\"@type\":\"ReadAction\",\"target\":[\"https:\/\/www.ykts.fi\/tutkimus-ja-julkaisutoiminta\/\"]}]},{\"@type\":\"ImageObject\",\"inLanguage\":\"en-GB\",\"@id\":\"https:\/\/www.ykts.fi\/tutkimus-ja-julkaisutoiminta\/#primaryimage\",\"url\":\"https:\/\/www.ykts.fi\/wp-content\/uploads\/elementor\/thumbs\/YKTS_ikoni-valkoinen-ozbdo4c3we4kc9bryxa6269pmpzhpa1pf0nuuf6bq4.png\",\"contentUrl\":\"https:\/\/www.ykts.fi\/wp-content\/uploads\/elementor\/thumbs\/YKTS_ikoni-valkoinen-ozbdo4c3we4kc9bryxa6269pmpzhpa1pf0nuuf6bq4.png\"},{\"@type\":\"BreadcrumbList\",\"@id\":\"https:\/\/www.ykts.fi\/tutkimus-ja-julkaisutoiminta\/#breadcrumb\",\"itemListElement\":[{\"@type\":\"ListItem\",\"position\":1,\"name\":\"Home\",\"item\":\"https:\/\/www.ykts.fi\/\"},{\"@type\":\"ListItem\",\"position\":2,\"name\":\"Tutkimus- ja julkaisutoiminta\"}]},{\"@type\":\"WebSite\",\"@id\":\"https:\/\/www.ykts.fi\/#website\",\"url\":\"https:\/\/www.ykts.fi\/\",\"name\":\"Yritt&auml;jyyskasvatuksen Tutkimusseura ry\",\"description\":\"Yritt&auml;jyyskasvatuksen Tutkimusseura ry\",\"publisher\":{\"@id\":\"https:\/\/www.ykts.fi\/#organization\"},\"potentialAction\":[{\"@type\":\"SearchAction\",\"target\":{\"@type\":\"EntryPoint\",\"urlTemplate\":\"https:\/\/www.ykts.fi\/?s={search_term_string}\"},\"query-input\":{\"@type\":\"PropertyValueSpecification\",\"valueRequired\":true,\"valueName\":\"search_term_string\"}}],\"inLanguage\":\"en-GB\"},{\"@type\":\"Organization\",\"@id\":\"https:\/\/www.ykts.fi\/#organization\",\"name\":\"Yritt&auml;jyyskasvatuksen Tutkimusseura ry\",\"url\":\"https:\/\/www.ykts.fi\/\",\"logo\":{\"@type\":\"ImageObject\",\"inLanguage\":\"en-GB\",\"@id\":\"https:\/\/www.ykts.fi\/#\/schema\/logo\/image\/\",\"url\":\"https:\/\/www.ykts.fi\/wp-content\/uploads\/2020\/12\/cropped-YKTS_ikoni-musta.png\",\"contentUrl\":\"https:\/\/www.ykts.fi\/wp-content\/uploads\/2020\/12\/cropped-YKTS_ikoni-musta.png\",\"width\":679,\"height\":443,\"caption\":\"Yritt&auml;jyyskasvatuksen Tutkimusseura ry\"},\"image\":{\"@id\":\"https:\/\/www.ykts.fi\/#\/schema\/logo\/image\/\"}}]}<\/script>\n<!-- \/ Yoast SEO plugin. -->","yoast_head_json":{"title":"Tutkimus- ja julkaisutoiminta | Yritt&auml;jyyskasvatuksen Tutkimusseura ry | YKTS","robots":{"index":"index","follow":"follow","max-snippet":"max-snippet:-1","max-image-preview":"max-image-preview:large","max-video-preview":"max-video-preview:-1"},"canonical":"https:\/\/www.ykts.fi\/en\/tutkimus-ja-julkaisutoiminta\/","og_locale":"en_GB","og_type":"article","og_title":"Tutkimus- ja julkaisutoiminta | Yritt&auml;jyyskasvatuksen Tutkimusseura ry | YKTS","og_description":"TUTkittua tietoa monissa kansissa Yritt\u00e4jyyskasvatuksen Tutkimusseura ry tukee yritt\u00e4jyyskasvatuksen tutkimusta ja tutkijoiden ja toimijoiden keskin\u00e4ist\u00e4 kansallista ja kansainv\u00e4list\u00e4 yhteisty\u00f6t\u00e4 j\u00e4rjest\u00e4m\u00e4ll\u00e4 vuosittain toteutettavan YKTS Yritt\u00e4jyyskasvatusp\u00e4iv\u00e4t ja tutkimusseminaarin yhdess\u00e4 vaihtuvan korkeakoulun kanssa sek\u00e4 edist\u00e4m\u00e4ll\u00e4 ja harjoittamalla alan julkaisutoimintaa.\u00a0 Tutkimusseura voi my\u00f6s antaa lausuntoja ja edist\u00e4\u00e4 tavoitteidensa toteuttamista erilaisissa kansallisissa ja kansainv\u00e4lisiss\u00e4 yhteis\u00f6iss\u00e4 ja yhteisty\u00f6elimiss\u00e4. tulevat yritt\u00e4jyyskasvatuksen ty\u00f6pajat &hellip; Tutkimus- ja julkaisutoiminta Read More &raquo;","og_url":"https:\/\/www.ykts.fi\/en\/tutkimus-ja-julkaisutoiminta\/","og_site_name":"Yritt&auml;jyyskasvatuksen Tutkimusseura ry","article_modified_time":"2024-03-01T08:33:11+00:00","og_image":[{"url":"https:\/\/www.ykts.fi\/wp-content\/uploads\/elementor\/thumbs\/YKTS_ikoni-valkoinen-ozbdo4c3we4kc9bryxa6269pmpzhpa1pf0nuuf6bq4.png","type":"","width":"","height":""}],"twitter_card":"summary_large_image","twitter_misc":{"Estimated reading time":"5 minutes"},"schema":{"@context":"https:\/\/schema.org","@graph":[{"@type":"WebPage","@id":"https:\/\/www.ykts.fi\/tutkimus-ja-julkaisutoiminta\/","url":"https:\/\/www.ykts.fi\/tutkimus-ja-julkaisutoiminta\/","name":"Tutkimus- ja julkaisutoiminta | Yritt&auml;jyyskasvatuksen Tutkimusseura ry | YKTS","isPartOf":{"@id":"https:\/\/www.ykts.fi\/#website"},"primaryImageOfPage":{"@id":"https:\/\/www.ykts.fi\/tutkimus-ja-julkaisutoiminta\/#primaryimage"},"image":{"@id":"https:\/\/www.ykts.fi\/tutkimus-ja-julkaisutoiminta\/#primaryimage"},"thumbnailUrl":"https:\/\/www.ykts.fi\/wp-content\/uploads\/elementor\/thumbs\/YKTS_ikoni-valkoinen-ozbdo4c3we4kc9bryxa6269pmpzhpa1pf0nuuf6bq4.png","datePublished":"2020-08-20T13:00:06+00:00","dateModified":"2024-03-01T08:33:11+00:00","breadcrumb":{"@id":"https:\/\/www.ykts.fi\/tutkimus-ja-julkaisutoiminta\/#breadcrumb"},"inLanguage":"en-GB","potentialAction":[{"@type":"ReadAction","target":["https:\/\/www.ykts.fi\/tutkimus-ja-julkaisutoiminta\/"]}]},{"@type":"ImageObject","inLanguage":"en-GB","@id":"https:\/\/www.ykts.fi\/tutkimus-ja-julkaisutoiminta\/#primaryimage","url":"https:\/\/www.ykts.fi\/wp-content\/uploads\/elementor\/thumbs\/YKTS_ikoni-valkoinen-ozbdo4c3we4kc9bryxa6269pmpzhpa1pf0nuuf6bq4.png","contentUrl":"https:\/\/www.ykts.fi\/wp-content\/uploads\/elementor\/thumbs\/YKTS_ikoni-valkoinen-ozbdo4c3we4kc9bryxa6269pmpzhpa1pf0nuuf6bq4.png"},{"@type":"BreadcrumbList","@id":"https:\/\/www.ykts.fi\/tutkimus-ja-julkaisutoiminta\/#breadcrumb","itemListElement":[{"@type":"ListItem","position":1,"name":"Home","item":"https:\/\/www.ykts.fi\/"},{"@type":"ListItem","position":2,"name":"Tutkimus- ja julkaisutoiminta"}]},{"@type":"WebSite","@id":"https:\/\/www.ykts.fi\/#website","url":"https:\/\/www.ykts.fi\/","name":"Scientific Association for Entrepreneurship Education","description":"Scientific Association for Entrepreneurship Education","publisher":{"@id":"https:\/\/www.ykts.fi\/#organization"},"potentialAction":[{"@type":"SearchAction","target":{"@type":"EntryPoint","urlTemplate":"https:\/\/www.ykts.fi\/?s={search_term_string}"},"query-input":{"@type":"PropertyValueSpecification","valueRequired":true,"valueName":"search_term_string"}}],"inLanguage":"en-GB"},{"@type":"Organization","@id":"https:\/\/www.ykts.fi\/#organization","name":"Scientific Association for Entrepreneurship Education","url":"https:\/\/www.ykts.fi\/","logo":{"@type":"ImageObject","inLanguage":"en-GB","@id":"https:\/\/www.ykts.fi\/#\/schema\/logo\/image\/","url":"https:\/\/www.ykts.fi\/wp-content\/uploads\/2020\/12\/cropped-YKTS_ikoni-musta.png","contentUrl":"https:\/\/www.ykts.fi\/wp-content\/uploads\/2020\/12\/cropped-YKTS_ikoni-musta.png","width":679,"height":443,"caption":"Yritt&auml;jyyskasvatuksen Tutkimusseura ry"},"image":{"@id":"https:\/\/www.ykts.fi\/#\/schema\/logo\/image\/"}}]}},"_links":{"self":[{"href":"https:\/\/www.ykts.fi\/en\/wp-json\/wp\/v2\/pages\/566","targetHints":{"allow":["GET"]}}],"collection":[{"href":"https:\/\/www.ykts.fi\/en\/wp-json\/wp\/v2\/pages"}],"about":[{"href":"https:\/\/www.ykts.fi\/en\/wp-json\/wp\/v2\/types\/page"}],"author":[{"embeddable":true,"href":"https:\/\/www.ykts.fi\/en\/wp-json\/wp\/v2\/users\/5"}],"replies":[{"embeddable":true,"href":"https:\/\/www.ykts.fi\/en\/wp-json\/wp\/v2\/comments?post=566"}],"version-history":[{"count":114,"href":"https:\/\/www.ykts.fi\/en\/wp-json\/wp\/v2\/pages\/566\/revisions"}],"predecessor-version":[{"id":2589,"href":"https:\/\/www.ykts.fi\/en\/wp-json\/wp\/v2\/pages\/566\/revisions\/2589"}],"wp:attachment":[{"href":"https:\/\/www.ykts.fi\/en\/wp-json\/wp\/v2\/media?parent=566"}],"curies":[{"name":"wp","href":"https:\/\/api.w.org\/{rel}","templated":true}]}}